{"id":209,"date":"2018-06-17T17:44:33","date_gmt":"2018-06-17T15:44:33","guid":{"rendered":"http:\/\/www.baderbraeu.de\/wordpress\/?page_id=209"},"modified":"2026-02-17T16:10:09","modified_gmt":"2026-02-17T14:10:09","slug":"brauseminare","status":"publish","type":"page","link":"https:\/\/www.baderbr\u00e4u.de\/?page_id=209","title":{"rendered":"Brauseminare"},"content":{"rendered":"<p><span style=\"color: #000000;\">Wir bieten Ihnen ab sofort die M\u00f6glichkeit, bei uns die Kunst des Bierbrauens zu erlernen. Unsere Brauseminare eignen sich\u00a0 f\u00fcr Teilnehmer mit und ohne Vorkenntnisse gleicherma\u00dfen und werden Ihnen einen ganz besonderen, \u00fcberaus abwechslungsreichen und sehr interessanten Tag bereiten.<\/span><\/p>\n<p><span style=\"color: #000000;\">Sie sind bei allen Produktionsschritten des Sudprozesses dabei und werden von uns mit Rat und Tat unterst\u00fctzt. Dabei achten wir besonders darauf, dass Theorie und Praxis ineinander greifen und keine Frage unbeantwortet bleibt. Am Seminartag wird ein 5hl-Sud Wei\u00dfbier gebraut. Zum Fr\u00fchschoppen gibt es Wei\u00dfw\u00fcrscht mit Brezen und mittags Bestes aus der bayrischen K\u00fcche. Die s\u00fcffigen Baderbr\u00e4u Biere k\u00f6nnen Sie den ganzen Tag genie\u00dfen so viel Sie wollen.<\/span><\/p>\n<p style=\"text-align: center;\"><img loading=\"lazy\" class=\"aligncenter wp-image-517\" src=\"https:\/\/www.baderbr\u00e4u.de\/wp-content\/uploads\/2018\/08\/183D4DA8-5F30-404E-AEA9-2B744FBA240C.jpeg\" alt=\"\" width=\"525\" height=\"310\" srcset=\"https:\/\/www.baderbr\u00e4u.de\/wp-content\/uploads\/2018\/08\/183D4DA8-5F30-404E-AEA9-2B744FBA240C.jpeg 768w, https:\/\/www.baderbr\u00e4u.de\/wp-content\/uploads\/2018\/08\/183D4DA8-5F30-404E-AEA9-2B744FBA240C-300x177.jpeg 300w, https:\/\/www.baderbr\u00e4u.de\/wp-content\/uploads\/2018\/08\/183D4DA8-5F30-404E-AEA9-2B744FBA240C-50x30.jpeg 50w\" sizes=\"(max-width: 525px) 100vw, 525px\" \/><\/p>\n<p><span style=\"color: #000000;\">Notwendiges Schulungsmaterial, um nach dem Seminar mit den erworbenen Kenntnissen Ihr ganz pers\u00f6nliches Bier zuhause brauen zu k\u00f6nnen liefern wir Ihnen am Seminartag selbstverst\u00e4ndlich mit. Wie es unter Brauern gelebte Tradition ist, stehen wir Ihnen dann auch gerne bei sp\u00e4ter auftretenden Fragen zur Seite.<\/span><\/p>\n<h3><span style=\"color: #000000;\"><strong>Als Termine sind aktuell geplant<\/strong><\/span><\/h3>\n<ul>\n<li>Samstag 14. 03. 2026\u00a0 \u2013 von 9 Uhr bis 17 Uhr\u00a0\u00a0 \u2013\u00a0\u00a0<span style=\"color: #ff0000;\">Ausgebucht<\/span><\/li>\n<li>Samstag 11. 04. 2026\u00a0 \u2013 von 9 Uhr bis 17 Uhr\u00a0\u00a0 \u2013\u00a0 Pl\u00e4tze verf\u00fcgbar<\/li>\n<li>Samstag 09. 05. 2026\u00a0 \u2013 von 9 Uhr bis 17 Uhr\u00a0\u00a0 \u2013\u00a0 Pl\u00e4tze verf\u00fcgbar<\/li>\n<li>Samstag 06. 06. 2026\u00a0 \u2013 von 9 Uhr bis 17 Uhr\u00a0\u00a0 \u2013\u00a0 Pl\u00e4tze verf\u00fcgbar<\/li>\n<li>Samstag 04. 07. 2026\u00a0 \u2013 von 9 Uhr bis 17 Uhr\u00a0\u00a0 \u2013\u00a0 Pl\u00e4tze verf\u00fcgbar<\/li>\n<li>Samstag 01. 08. 2026\u00a0 \u2013 von 9 Uhr bis 17 Uhr\u00a0\u00a0 \u2013\u00a0 Pl\u00e4tze verf\u00fcgbar<\/li>\n<li>Samstag 05. 09. 2026\u00a0 \u2013 von 9 Uhr bis 17 Uhr\u00a0\u00a0 \u2013\u00a0 Pl\u00e4tze verf\u00fcgbar<\/li>\n<li>Samstag 03. 10. 2026\u00a0 \u2013 von 9 Uhr bis 17 Uhr\u00a0\u00a0 \u2013\u00a0 Pl\u00e4tze verf\u00fcgbar<\/li>\n<li>Samstag 07. 11. 2026\u00a0 \u2013 von 9 Uhr bis 17 Uhr\u00a0\u00a0 \u2013\u00a0 Pl\u00e4tze verf\u00fcgbar<\/li>\n<li>Samstag 05. 12. 2026\u00a0 \u2013 von 9 Uhr bis 17 Uhr\u00a0\u00a0 \u2013\u00a0 Pl\u00e4tze verf\u00fcgbar<\/li>\n<\/ul>\n<p><span style=\"color: #0000ff;\"><a style=\"color: #0000ff;\" href=\"https:\/\/www.baderbr\u00e4u.de\/?page_id=57\"><strong>Anmeldungen nehmen wir gerne telefonisch entgegen<\/strong><\/a><\/span>. <span style=\"color: #000000;\">Die Teilnehmerzahl ist auf 20 Personen begrenzt.<\/span><span style=\"color: #ff0000;\"><br \/>\n<\/span><\/p>\n<p><span style=\"color: #000000;\">Wenn Sie hier <strong>keinen passenden Termin<\/strong> finden sollten: F\u00fcr Gruppen<strong> ab 8 Personen<\/strong>\u00a0machen wir auch an anderen Samstagen ein extra Brauseminar f\u00fcr Sie.<\/span><\/p>\n<p><span style=\"color: #000000;\">Der Seminartag mit Bier soviel Sie wollen, Fr\u00fchschoppen und Mittagessen kostet <strong>95 EUR pro Teilnehmer.<\/strong><\/span><\/p>\n<p>Wenn Sie das Brauseminar verschenken wollen, dann k\u00f6nnen Sie bei uns einen <strong>Geschenkgutschein<\/strong> erwerben. Rufen Sie uns an (0176-32357045) oder schreiben Sie eine email an: info@baderbraeu.de<\/p>\n<h3><span style=\"color: #ff0000;\"><strong>\u00a0<\/strong><\/span><\/h3>\n<h3><span style=\"color: #ff0000;\">\u00a0<\/span><\/h3>\n<h3><span style=\"color: #ff0000;\">\u00a0<\/span><\/h3>\n","protected":false},"excerpt":{"rendered":"<p>Wir bieten Ihnen ab sofort die M\u00f6glichkeit, bei uns die Kunst des Bierbrauens zu erlernen. Unsere Brauseminare eignen sich\u00a0 f\u00fcr Teilnehmer mit und ohne Vorkenntnisse gleicherma\u00dfen und werden Ihnen einen ganz besonderen, \u00fcberaus abwechslungsreichen und sehr interessanten Tag bereiten. Sie sind bei allen Produktionsschritten des Sudprozesses dabei und werden von uns mit Rat und Tat [&hellip;]<\/p>\n","protected":false},"author":2,"featured_media":0,"parent":0,"menu_order":0,"comment_status":"closed","ping_status":"closed","template":"","meta":[],"wppr_data":{"cwp_meta_box_check":"Yes","_wppr_review_template":"default","cwp_rev_product_image":"","cwp_image_link":"image","wppr_links":[],"cwp_rev_price":"","wppr_pros":[""],"wppr_cons":[""],"wppr_rating":"0.00","wppr_options":[],"wppr_review_type":"Product","wppr_review_custom_fields":[]},"_links":{"self":[{"href":"https:\/\/www.baderbr\u00e4u.de\/index.php?rest_route=\/wp\/v2\/pages\/209"}],"collection":[{"href":"https:\/\/www.baderbr\u00e4u.de\/index.php?rest_route=\/wp\/v2\/pages"}],"about":[{"href":"https:\/\/www.baderbr\u00e4u.de\/index.php?rest_route=\/wp\/v2\/types\/page"}],"author":[{"embeddable":true,"href":"https:\/\/www.baderbr\u00e4u.de\/index.php?rest_route=\/wp\/v2\/users\/2"}],"replies":[{"embeddable":true,"href":"https:\/\/www.baderbr\u00e4u.de\/index.php?rest_route=%2Fwp%2Fv2%2Fcomments&post=209"}],"version-history":[{"count":87,"href":"https:\/\/www.baderbr\u00e4u.de\/index.php?rest_route=\/wp\/v2\/pages\/209\/revisions"}],"predecessor-version":[{"id":1873,"href":"https:\/\/www.baderbr\u00e4u.de\/index.php?rest_route=\/wp\/v2\/pages\/209\/revisions\/1873"}],"wp:attachment":[{"href":"https:\/\/www.baderbr\u00e4u.de\/index.php?rest_route=%2Fwp%2Fv2%2Fmedia&parent=209"}],"curies":[{"name":"wp","href":"https:\/\/api.w.org\/{rel}","templated":true}]}}