{"id":235,"date":"2018-06-17T17:58:59","date_gmt":"2018-06-17T15:58:59","guid":{"rendered":"http:\/\/www.baderbraeu.de\/wordpress\/?page_id=235"},"modified":"2022-02-24T19:18:06","modified_gmt":"2022-02-24T17:18:06","slug":"chronik-baderbraeu-schnaitsee","status":"publish","type":"page","link":"https:\/\/www.baderbr\u00e4u.de\/?page_id=235","title":{"rendered":"Chronik Baderbr\u00e4u Schnaitsee"},"content":{"rendered":"<p style=\"text-align: left;\">Begonnen hat es mit einem leerstehenden Nebengeb\u00e4ude in einem der \u00e4ltesten Geb\u00e4ude am Ort \u2013 dem ehemaligen Baderhaus von 1532 \u2013 und tatkr\u00e4ftigen Freunden mit der Idee, Schnaitsee zu seiner eigenen Brauerei zu verhelfen. So fassten im November 2005 Edmund Ernst, Michael Kiermaier, Thadd\u00e4us Baier, Korbinian Baier und Franz Fraitzl den Beschluss, in Schnaitsee den Baderbr\u00e4u zu gr\u00fcnden. Ein vision\u00e4rer Fahrplan zur Errichtung einer Brauerei wurde auf dieser ersten Gr\u00fcndungsversammlung entwickelt und beschlossen.<\/p>\n<div id=\"attachment_237\" style=\"width: 535px\" class=\"wp-caption aligncenter\"><img aria-describedby=\"caption-attachment-237\" loading=\"lazy\" class=\"wp-image-237\" src=\"https:\/\/www.baderbr\u00e4u.de\/wp-content\/uploads\/2018\/06\/mitglieder-300x200.jpg\" alt=\"\" width=\"525\" height=\"350\" srcset=\"https:\/\/www.baderbr\u00e4u.de\/wp-content\/uploads\/2018\/06\/mitglieder-300x200.jpg 300w, https:\/\/www.baderbr\u00e4u.de\/wp-content\/uploads\/2018\/06\/mitglieder.jpg 500w\" sizes=\"(max-width: 525px) 100vw, 525px\" \/><p id=\"caption-attachment-237\" class=\"wp-caption-text\">Die Gesellschafter bei der Gr\u00fcndungsversammlung der Baderbr\u00e4u GbR im Jahre 2007.<\/p><\/div>\n<p style=\"text-align: left;\">Der erste Sud wurde noch 2005 auf einem alten Holzofen gebraut und schmeckte schon ganz passabel. Aber die 20 Liter waren halt viel zu schnell verk\u00f6stigt. Es wurde sofort eine erste kleine Sudanlage gebaut, mit der man immerhin 80 Liter pro Sud brauen konnten. Und die Baderbr\u00e4u Weisse schmeckte immer besser und wurde bei den legend\u00e4ren Bierproben im Baderbr\u00e4u Freunden und Bekannten pr\u00e4sentiert. Und die Leute konnten einfach nicht genug vom Baderbr\u00e4u Wei\u00dfbier bekommen.<\/p>\n<p style=\"text-align: left;\">Die gro\u00dfe Herausforderung der n\u00e4chsten zwei Jahre bestand darin, die hohe Kunst des Brauens zu perfektionieren, das alte Nebengeb\u00e4ude im Baderweg zu renovieren, dort ein uriges Brauhaus mit G\u00e4rkeller zu schaffen und gleichzeitig wegen des Vorhabens nicht f\u00fcr verr\u00fcckt erkl\u00e4rt zu werden.<\/p>\n<div id=\"attachment_241\" style=\"width: 535px\" class=\"wp-caption aligncenter\"><img aria-describedby=\"caption-attachment-241\" loading=\"lazy\" class=\"wp-image-241\" src=\"https:\/\/www.baderbr\u00e4u.de\/wp-content\/uploads\/2018\/06\/Baderweg-4-um-1925-300x186.jpg\" alt=\"\" width=\"525\" height=\"326\" srcset=\"https:\/\/www.baderbr\u00e4u.de\/wp-content\/uploads\/2018\/06\/Baderweg-4-um-1925-300x186.jpg 300w, https:\/\/www.baderbr\u00e4u.de\/wp-content\/uploads\/2018\/06\/Baderweg-4-um-1925-768x477.jpg 768w, https:\/\/www.baderbr\u00e4u.de\/wp-content\/uploads\/2018\/06\/Baderweg-4-um-1925-1024x636.jpg 1024w\" sizes=\"(max-width: 525px) 100vw, 525px\" \/><p id=\"caption-attachment-241\" class=\"wp-caption-text\">Das Anwesen am Baderweg 4 um 1925. Ganz links das heutige Sudhaus. Damals wars die Hafnerei Ferdinand Gassner.<\/p><\/div>\n<p style=\"text-align: left;\">Im Jahre 2007 wurde mit der Gr\u00fcndung der Baderbr\u00e4u Schnaitsee GbR aus der Freizeitbesch\u00e4ftigung ein eingetragener Betrieb. Mit der Anschaffung der 5hl-Sudanlage war der Schritt zu einer professionellen Brauerei getan.<\/p>\n<div id=\"attachment_243\" style=\"width: 535px\" class=\"wp-caption aligncenter\"><img aria-describedby=\"caption-attachment-243\" loading=\"lazy\" class=\"wp-image-243\" src=\"https:\/\/www.baderbr\u00e4u.de\/wp-content\/uploads\/2018\/06\/Brauerei-Ponschab-mit-Motorrad-Franz-F.-300x191.jpg\" alt=\"\" width=\"525\" height=\"333\" srcset=\"https:\/\/www.baderbr\u00e4u.de\/wp-content\/uploads\/2018\/06\/Brauerei-Ponschab-mit-Motorrad-Franz-F.-300x191.jpg 300w, https:\/\/www.baderbr\u00e4u.de\/wp-content\/uploads\/2018\/06\/Brauerei-Ponschab-mit-Motorrad-Franz-F.-768x488.jpg 768w, https:\/\/www.baderbr\u00e4u.de\/wp-content\/uploads\/2018\/06\/Brauerei-Ponschab-mit-Motorrad-Franz-F.-1024x650.jpg 1024w, https:\/\/www.baderbr\u00e4u.de\/wp-content\/uploads\/2018\/06\/Brauerei-Ponschab-mit-Motorrad-Franz-F..jpg 1894w\" sizes=\"(max-width: 525px) 100vw, 525px\" \/><p id=\"caption-attachment-243\" class=\"wp-caption-text\">Franz Fraitzl hei\u00dft der junge Bursche auf dem Soziussitz des Motorrads. Und er war der gemeinsame Gro\u00dfvater von 4 unserer Baderbr\u00e4u Gesellschafter. \u00dcberliefert ist von ihm, dass er dem Bier sehr zugetan war, was sich zum Gl\u00fcck bis in die heutige Generation erhalten hat. Das Foto aus den 30er Jahren ist in Wasserburg, vor der ehemaligen Brauerei Ponschab in der Salzsenderzeile entstanden. Diese ging kurz nach 1900 in das Eigentum des Bruckbr\u00e4u Wasserburg \u00fcber. Heute beherbergt das Geb\u00e4ude ein Chinarestaurant.<\/p><\/div>\n<p style=\"text-align: left;\">Am 01.01.2010 trat Florian Fraitzl in die Brauerei ein und in diesem Jahr wurde auch der Brauer Andreas Nirschl aus Isen eingestellt, der den Brauprozess weiter optimierte und vorantrieb. Erstmals gab es jetzt das Baderbr\u00e4u nicht nur als Fassbier, sondern auch in der 1 Lit. Flasche zu kaufen. Nach seinem Ausscheiden im Jahr 2011 wurde die Flaschenf\u00fcllerei in ein eigenes Geb\u00e4ude\u00a0 verlagert. Unser Wei\u00dfbier haben wir w\u00e4hrend dieser einj\u00e4hrigen Umbauphase nur im Fass vertrieben. Zu besonderen Anl\u00e4ssen brauten wir auch andere Bierspezialit\u00e4ten wie z.B. einen dunklen Wei\u00dfbierbock oder einen unterg\u00e4rigen dunklen Bock.<\/p>\n<div id=\"attachment_245\" style=\"width: 535px\" class=\"wp-caption aligncenter\"><img aria-describedby=\"caption-attachment-245\" loading=\"lazy\" class=\"wp-image-245\" src=\"https:\/\/www.baderbr\u00e4u.de\/wp-content\/uploads\/2018\/06\/andi-keller-sw-300x227.jpg\" alt=\"\" width=\"525\" height=\"398\" srcset=\"https:\/\/www.baderbr\u00e4u.de\/wp-content\/uploads\/2018\/06\/andi-keller-sw-300x227.jpg 300w, https:\/\/www.baderbr\u00e4u.de\/wp-content\/uploads\/2018\/06\/andi-keller-sw.jpg 343w\" sizes=\"(max-width: 525px) 100vw, 525px\" \/><p id=\"caption-attachment-245\" class=\"wp-caption-text\">Der Brauer Andreas Nirschl war 2010\/11 der erste feste Angestellte bei der Baderbr\u00e4u GbR. Jetzt gabs erstmals das Baderbr\u00e4u Wei\u00dfbier auch in Flaschen. Durch seine Erfahrung wurde der Brauprozess entscheidend verbessert. Baderbr\u00e4u gabs nun in verschiedenen Getr\u00e4nkem\u00e4rkten und Gastro-nomien zu kaufen.<\/p><\/div>\n<p style=\"text-align: left;\">Zum 01.01.2013 wurde aus der GbR die Baderbr\u00e4u Schnaitsee GmbH &amp; Co. KG und mit der Anstellung von Edmund Ernst als gesch\u00e4ftsf\u00fchrenden Gesellschafter ging die Inbetriebnahme der Flaschenf\u00fcllerei und die Wiedereinf\u00fchrung unseres Wei\u00dfbiers in der 1 Liter Flasche in verschiedenen Gastst\u00e4tten und Getr\u00e4nkem\u00e4rkten einher. Zum Jahresende 2013 wurde erstmals auch eine andere Biersorte auf Flaschen gef\u00fcllt: Unser erstes unterg\u00e4riges Bier: Baderbr\u00e4u Dunkel! Aufgrund des gro\u00dfen Erfolgs dieses Produkts, einem klassisch altbayrischen Dunklen, wie man es heute nur mehr selten bekommt, entwickelte Baderbr\u00e4u im Fr\u00fchjahr 2014 auch ein M\u00e4rzen. Auch dieses kr\u00e4ftige kupferfarbene Bier mit der ausgepr\u00e4gten Hopfenblume erfreut sich seither gro\u00dfer Beliebtheit. 2015 folgte dann das Baderbr\u00e4u Export Hell, das seither ganzj\u00e4hrig gebraut wird.<\/p>\n<h3 style=\"text-align: center;\">Prosit.<\/h3>\n<div id=\"attachment_246\" style=\"width: 310px\" class=\"wp-caption aligncenter\"><img aria-describedby=\"caption-attachment-246\" loading=\"lazy\" class=\"wp-image-246\" src=\"https:\/\/www.baderbr\u00e4u.de\/wp-content\/uploads\/2018\/06\/Baderweg-4-mit-Lotte-Randlinger-197x300.jpg\" alt=\"\" width=\"300\" height=\"456\" srcset=\"https:\/\/www.baderbr\u00e4u.de\/wp-content\/uploads\/2018\/06\/Baderweg-4-mit-Lotte-Randlinger-197x300.jpg 197w, https:\/\/www.baderbr\u00e4u.de\/wp-content\/uploads\/2018\/06\/Baderweg-4-mit-Lotte-Randlinger-768x1168.jpg 768w, https:\/\/www.baderbr\u00e4u.de\/wp-content\/uploads\/2018\/06\/Baderweg-4-mit-Lotte-Randlinger-673x1024.jpg 673w, https:\/\/www.baderbr\u00e4u.de\/wp-content\/uploads\/2018\/06\/Baderweg-4-mit-Lotte-Randlinger.jpg 1233w\" sizes=\"(max-width: 300px) 100vw, 300px\" \/><p id=\"caption-attachment-246\" class=\"wp-caption-text\">Das Anwesen Baderweg 4 in den 30er Jahren. Das Geb\u00e4ude oberhalb war ein kleines Wohnhaus mit 2 \u00fcber einander liegenden Zimmern. Es wurde in den 1970er Jahren abgebrochen. An seiner Stelle ist heute der Parkplatz. Am Baderweg 4 wurde immer schon gerne musiziert und gefeiert! An der Stelle, wo heute die Stufen zum Sudhaus f\u00fchren, steht die ehemalige Neuwirtin, Lotte Randlinger und spielt Laute.<\/p><\/div>\n<p style=\"text-align: left;\">Das Jahr 2016 brachte gr\u00f6\u00dfere Ver\u00e4nderungen mit sich: Ein Braumeister wurde eingestellt und im selben Jahr auch noch ein Lehrling. Damit war der Grundstein zu einer Kapazit\u00e4tserweiterung gelegt. Der G\u00e4rkeller wurde erneuert und vergr\u00f6\u00dfert, ebenso wurde der Lagerkeller f\u00fcr unterg\u00e4rige Biere vergr\u00f6\u00dfert.<\/p>\n<p style=\"text-align: left;\"><a href=\"https:\/\/www.baderbr\u00e4u.de\/?attachment_id=605\" rel=\"attachment wp-att-605\"><img loading=\"lazy\" class=\"alignleft size-large wp-image-605\" src=\"https:\/\/www.baderbr\u00e4u.de\/wp-content\/uploads\/2018\/12\/P1020095-1024x768.jpg\" alt=\"\" width=\"720\" height=\"540\" srcset=\"https:\/\/www.baderbr\u00e4u.de\/wp-content\/uploads\/2018\/12\/P1020095-1024x768.jpg 1024w, https:\/\/www.baderbr\u00e4u.de\/wp-content\/uploads\/2018\/12\/P1020095-300x225.jpg 300w, https:\/\/www.baderbr\u00e4u.de\/wp-content\/uploads\/2018\/12\/P1020095-768x576.jpg 768w, https:\/\/www.baderbr\u00e4u.de\/wp-content\/uploads\/2018\/12\/P1020095-50x38.jpg 50w\" sizes=\"(max-width: 720px) 100vw, 720px\" \/><\/a>Auch das Jahr 2018 brachte Umstellungen im Braubetrieb mit sich. Das alte Flaschenformat mit der 1 Liter B\u00fcgelverschlu\u00dfflasche hat langsam ausgedient. Die Reinigung und\u00a0 Abf\u00fcllung dieser Flaschen geschieht ausschlie\u00dflich in Handarbeit. Auch um die Haltbarkeit und die Qualit\u00e4t unserer Biere zu erh\u00f6hen, haben wir uns entschlossen, auf die klassische 0,5 Liter Euroflasche umzustellen.<\/p>\n<p><a href=\"https:\/\/www.baderbr\u00e4u.de\/?attachment_id=792\" rel=\"attachment wp-att-792\"><img loading=\"lazy\" class=\"alignleft wp-image-792\" src=\"https:\/\/www.baderbr\u00e4u.de\/wp-content\/uploads\/2019\/09\/P1030654-768x1024.jpg\" alt=\"\" width=\"319\" height=\"425\" srcset=\"https:\/\/www.baderbr\u00e4u.de\/wp-content\/uploads\/2019\/09\/P1030654-768x1024.jpg 768w, https:\/\/www.baderbr\u00e4u.de\/wp-content\/uploads\/2019\/09\/P1030654-225x300.jpg 225w, https:\/\/www.baderbr\u00e4u.de\/wp-content\/uploads\/2019\/09\/P1030654-38x50.jpg 38w\" sizes=\"(max-width: 319px) 100vw, 319px\" \/><\/a><\/p>\n<h2>Einf\u00fchrung der 0,3 Liter Flasche<\/h2>\n<p>Im selben Jahr wurde die 0,33 Liter Flasche f\u00fcr Hell, M\u00e4rzen und Dunkles eingef\u00fchrt.<\/p>\n<p><a href=\"https:\/\/www.baderbr\u00e4u.de\/?attachment_id=791\" rel=\"attachment wp-att-791\"><img loading=\"lazy\" class=\"wp-image-791 aligncenter\" src=\"https:\/\/www.baderbr\u00e4u.de\/wp-content\/uploads\/2019\/09\/P1030662-1024x768.jpg\" alt=\"\" width=\"489\" height=\"367\" srcset=\"https:\/\/www.baderbr\u00e4u.de\/wp-content\/uploads\/2019\/09\/P1030662-1024x768.jpg 1024w, https:\/\/www.baderbr\u00e4u.de\/wp-content\/uploads\/2019\/09\/P1030662-300x225.jpg 300w, https:\/\/www.baderbr\u00e4u.de\/wp-content\/uploads\/2019\/09\/P1030662-768x576.jpg 768w, https:\/\/www.baderbr\u00e4u.de\/wp-content\/uploads\/2019\/09\/P1030662-50x38.jpg 50w\" sizes=\"(max-width: 489px) 100vw, 489px\" \/><\/a><\/p>\n<h2>Archiv<\/h2>\n<p>Wenn Sie Bilder aus der Baderbr\u00e4u Vergangenheit anschauen wollen, dann k\u00f6nnen Sie das \u00fcber diesen Link zu unserem Fotoarchiv tun:<\/p>\n<p><a href=\"https:\/\/www.flickr.com\/photos\/141905940@N04\/albums\">https:\/\/www.flickr.com\/photos\/141905940@N04\/albums<\/a><\/p>\n","protected":false},"excerpt":{"rendered":"<p>Begonnen hat es mit einem leerstehenden Nebengeb\u00e4ude in einem der \u00e4ltesten Geb\u00e4ude am Ort \u2013 dem ehemaligen Baderhaus von 1532 \u2013 und tatkr\u00e4ftigen Freunden mit der Idee, Schnaitsee zu seiner eigenen Brauerei zu verhelfen. So fassten im November 2005 Edmund Ernst, Michael Kiermaier, Thadd\u00e4us Baier, Korbinian Baier und Franz Fraitzl den Beschluss, in Schnaitsee den [&hellip;]<\/p>\n","protected":false},"author":2,"featured_media":0,"parent":0,"menu_order":0,"comment_status":"closed","ping_status":"closed","template":"","meta":[],"wppr_data":{"cwp_meta_box_check":"No"},"_links":{"self":[{"href":"https:\/\/www.baderbr\u00e4u.de\/index.php?rest_route=\/wp\/v2\/pages\/235"}],"collection":[{"href":"https:\/\/www.baderbr\u00e4u.de\/index.php?rest_route=\/wp\/v2\/pages"}],"about":[{"href":"https:\/\/www.baderbr\u00e4u.de\/index.php?rest_route=\/wp\/v2\/types\/page"}],"author":[{"embeddable":true,"href":"https:\/\/www.baderbr\u00e4u.de\/index.php?rest_route=\/wp\/v2\/users\/2"}],"replies":[{"embeddable":true,"href":"https:\/\/www.baderbr\u00e4u.de\/index.php?rest_route=%2Fwp%2Fv2%2Fcomments&post=235"}],"version-history":[{"count":35,"href":"https:\/\/www.baderbr\u00e4u.de\/index.php?rest_route=\/wp\/v2\/pages\/235\/revisions"}],"predecessor-version":[{"id":1470,"href":"https:\/\/www.baderbr\u00e4u.de\/index.php?rest_route=\/wp\/v2\/pages\/235\/revisions\/1470"}],"wp:attachment":[{"href":"https:\/\/www.baderbr\u00e4u.de\/index.php?rest_route=%2Fwp%2Fv2%2Fmedia&parent=235"}],"curies":[{"name":"wp","href":"https:\/\/api.w.org\/{rel}","templated":true}]}}